{"id":16,"date":"2016-09-08T12:55:02","date_gmt":"2016-09-08T10:55:02","guid":{"rendered":"http:\/\/localhost\/holzbildhauer%20v.walter\/?page_id=16"},"modified":"2016-10-19T18:26:20","modified_gmt":"2016-10-19T16:26:20","slug":"ueber-mich","status":"publish","type":"page","link":"http:\/\/holzbildhauer-v-walter.de\/index.php\/ueber-mich\/","title":{"rendered":"\u00dcber mich"},"content":{"rendered":"<p>&nbsp;<\/p>\n<p><img loading=\"lazy\" decoding=\"async\" class=\"alignnone size-large wp-image-17\" src=\"http:\/\/holzbildhauer-v-walter.de\/wp-content\/uploads\/2016\/09\/Kopie-von-DSCN2169-1024x768.jpg\" alt=\"Holzbildhauer Valentin Walter\" width=\"660\" height=\"495\" srcset=\"http:\/\/holzbildhauer-v-walter.de\/wp-content\/uploads\/2016\/09\/Kopie-von-DSCN2169-1024x768.jpg 1024w, http:\/\/holzbildhauer-v-walter.de\/wp-content\/uploads\/2016\/09\/Kopie-von-DSCN2169-300x225.jpg 300w, http:\/\/holzbildhauer-v-walter.de\/wp-content\/uploads\/2016\/09\/Kopie-von-DSCN2169-768x576.jpg 768w, http:\/\/holzbildhauer-v-walter.de\/wp-content\/uploads\/2016\/09\/Kopie-von-DSCN2169.jpg 1280w\" sizes=\"(max-width: 660px) 100vw, 660px\" \/><\/p>\n<p><span style=\"font-size: large;\"><b>\u00a0Valentin Walter<\/b><\/span><\/p>\n<p><span style=\"font-size: medium;\">Ich m\u00f6chte mich Ihnen\u00a0<\/span><span style=\"font-size: medium;\">vorstellen. Meine Name ist \u00a0 Valentin Walter, ich wurde am \u00a02 \u00a0M\u00e4rz 1977\u00a0<\/span><span style=\"font-size: medium;\">geboren in Stadt Karaganda, Kasachstan.Seit dem 1 Lebensjahr taub \u00a0 &#8211; Folge-Medikament Monomizin .<\/span><\/p>\n<p><span style=\"font-size: medium;\">Schon als Kind habe ich von meiner Mama vieles von der Kunst gelernt, weil sie bildende Kunst studiert hat.<\/span><\/p>\n<p><span style=\"font-size: medium;\">1984-1994. Internatsschule f\u00fcr Geh\u00f6rlose und H\u00f6rgesch\u00e4digte in Kasachstan.<\/span><\/p>\n<p><span style=\"font-size: medium;\">Juli 1994 sind wir nach Deutschland gekommen.<\/span><\/p>\n<p><span style=\"font-size: medium;\">9 und 10 Klasse ich habe Schule f\u00fcr schwerh\u00f6rige Kinder bei Stadt Ludwigslust besucht.<\/span><\/p>\n<p><span style=\"font-size: medium;\">Von 1997-2000 lerne ich ein Beruf als Holzbildhauer.Die Abschlusspr\u00fcfung bei Flensburg<\/span><\/p>\n<p><span style=\"font-size: medium;\">( Handwerkskammer Flensburg ) mit Erfolg bestanden.<\/span><\/p>\n<p><span style=\"font-size: medium;\">2000-2003 als Holzbildhauer bei \u201eHolzbildhauerei Karsten Simoneit.\u201c<\/span><\/p>\n<p><span style=\"font-size: medium;\">Arbeit war K\u00fcnstlerisch sehr interessant und ich habe folgendes gemacht :<\/span><\/p>\n<ol>\n<li><span style=\"font-size: medium;\">Restaurierung von Schmuckelementen in Weinhaus Wohler (in Stadt Schwerin )<\/span><\/li>\n<li><span style=\"font-size: medium;\">Restaurierung von Schmuckelemente der Warlitzer Kirchenorgel (Meklenburg )<\/span><\/li>\n<li><span style=\"font-size: medium;\">Gro\u00dfe Figuren (private Auftr\u00e4ge z.b. Gro\u00dfe B\u00e4r.)<\/span><\/li>\n<li><span style=\"font-size: medium;\">Einrichtung f\u00fcr Blumenfachgesch\u00e4ft \u201eOrchidee\u201c in Schwerin(Kamin,Spiegel, S\u00e4ulen)<\/span><\/li>\n<li><span style=\"font-size: medium;\">Logo f\u00fcr Firma Simoneit(gro\u00dfe Frauenfigur,gro\u00dfe Logo Schild)<\/span><\/li>\n<li><span style=\"font-size: medium;\">Zahlreiche Gartenfiguren aus Holz f\u00fcr Blumenfachgesch\u00e4ft \u201eOrchidee\u201c<\/span><\/li>\n<\/ol>\n<p><span style=\"font-size: medium;\">2003-2005.Projektmitarbeiter bei Schweriner Ausbildung und Umschulung Zentrum.In diese Zeit\u00a0<\/span><span style=\"font-size: medium;\">ich habe viele Auftr\u00e4ge f\u00fcr L\u00fcbecker Puppenmuseum gemacht:<\/span><\/p>\n<ol>\n<ol>\n<li><span style=\"font-size: medium;\">Entw\u00fcrfe und Restaurierung von Puppen<\/span><\/li>\n<li><span style=\"font-size: medium;\">Entwicklung und Gestaltung von Formen und Muster f\u00fcr Hanseatische Symbole.<\/span><\/li>\n<li><span style=\"font-size: medium;\">Ein Auftrag f\u00fcr Logische Spiele aus Holz f\u00fcr Frau Amman.<\/span><\/li>\n<\/ol>\n<\/ol>\n<p><span style=\"font-size: medium;\">2006-2011.Holzbildhauer in Schloss Freudenberg (Wiesbaden).F\u00fcr diese Abschnitt meine<\/span><\/p>\n<p><span style=\"font-size: medium;\">K\u00fcnstlerischer Werdegang:<\/span><\/p>\n<p><span style=\"font-size: medium;\">1.Projekt:Kinder schnitzen Kartenst\u00e4nder,Erfahrungsfeld zur Entfaltung der Sinne und <\/span><span style=\"font-size: medium;\">Denkens.<\/span><\/p>\n<p><span style=\"font-size: medium;\">2.Skulptur \u201eSterntaler\u201c<\/span><\/p>\n<p><span style=\"font-size: medium;\">3.Skulpturen \u201eZum einen Ohr hinein,zum anderen Ohr hinaus.\u201c<\/span><\/p>\n<p><span style=\"font-size: medium;\">4.Puppentheater,Herzensw\u00e4rme e.V.in Wiesbaden.<\/span><\/p>\n<p><span style=\"font-size: medium;\">5.Gel\u00e4nderrelief f\u00fcr Haus Aja-Textor (Frankfurt.)<\/span><\/p>\n<p><span style=\"font-size: medium;\">6.Portr\u00e4t Anna Amalia Silhouette f\u00fcr Haus Aja-Textor.<\/span><\/p>\n<p><span style=\"font-size: medium;\">7.Landkartenrelief f\u00fcr DM Drogeriemarkt (Karlsruhe.)<\/span><\/p>\n<p><span style=\"font-size: medium;\">8.Skulptur Schlossprinzessin (Schloss Freudenberg).<\/span><\/p>\n<p><span style=\"font-size: medium;\">Seit 2011 ich habe viele neue Kunstst\u00fccken entw\u00fcrfen und geschnitzt. <\/span><\/p>\n","protected":false},"excerpt":{"rendered":"<p>&nbsp; \u00a0Valentin Walter Ich m\u00f6chte mich Ihnen\u00a0vorstellen. Meine Name ist \u00a0 Valentin Walter, ich wurde am \u00a02 \u00a0M\u00e4rz 1977\u00a0geboren in Stadt Karaganda, Kasachstan.Seit dem 1 Lebensjahr taub \u00a0 &#8211; Folge-Medikament Monomizin . Schon als Kind habe ich von meiner Mama vieles von der Kunst gelernt, weil sie bildende Kunst studiert hat. 1984-1994. Internatsschule f\u00fcr Geh\u00f6rlose &hellip; <a href=\"http:\/\/holzbildhauer-v-walter.de\/index.php\/ueber-mich\/\" class=\"more-link\"><span class=\"screen-reader-text\">\u00dcber mich<\/span> weiterlesen<\/a><\/p>\n","protected":false},"author":1,"featured_media":0,"parent":0,"menu_order":0,"comment_status":"closed","ping_status":"closed","template":"","meta":{"footnotes":""},"_links":{"self":[{"href":"http:\/\/holzbildhauer-v-walter.de\/index.php\/wp-json\/wp\/v2\/pages\/16"}],"collection":[{"href":"http:\/\/holzbildhauer-v-walter.de\/index.php\/wp-json\/wp\/v2\/pages"}],"about":[{"href":"http:\/\/holzbildhauer-v-walter.de\/index.php\/wp-json\/wp\/v2\/types\/page"}],"author":[{"embeddable":true,"href":"http:\/\/holzbildhauer-v-walter.de\/index.php\/wp-json\/wp\/v2\/users\/1"}],"replies":[{"embeddable":true,"href":"http:\/\/holzbildhauer-v-walter.de\/index.php\/wp-json\/wp\/v2\/comments?post=16"}],"version-history":[{"count":28,"href":"http:\/\/holzbildhauer-v-walter.de\/index.php\/wp-json\/wp\/v2\/pages\/16\/revisions"}],"predecessor-version":[{"id":366,"href":"http:\/\/holzbildhauer-v-walter.de\/index.php\/wp-json\/wp\/v2\/pages\/16\/revisions\/366"}],"wp:attachment":[{"href":"http:\/\/holzbildhauer-v-walter.de\/index.php\/wp-json\/wp\/v2\/media?parent=16"}],"curies":[{"name":"wp","href":"https:\/\/api.w.org\/{rel}","templated":true}]}}